{"id":8455,"date":"2023-11-15T09:46:11","date_gmt":"2023-11-15T09:46:11","guid":{"rendered":"https:\/\/www.framici.de\/?page_id=8455"},"modified":"2026-08-14T06:21:47","modified_gmt":"2026-08-14T06:21:47","slug":"home-2","status":"publish","type":"page","link":"https:\/\/www.framici.de\/","title":{"rendered":"Home"},"content":{"rendered":"<p>&nbsp;<\/p>\n<p>&nbsp;<\/p>\n<p>&nbsp;<\/p>\n<p>&nbsp;<\/p>\n<p>&nbsp;<\/p>\n<hr>\n<h3>Herzlich willkommen auf unserer Webseite der &#8222;Freunde Valmadreras e.V.&#8220;<\/h3>\n<p>&nbsp;<\/p>\n<p style=\"text-align: center;\"><span style=\"font-size: 18pt;\"><strong>Das Feuer ist gel\u00f6scht<\/strong><\/span><\/p>\n<p style=\"text-align: center;\">Wir freuen uns, dass der gro\u00dffl\u00e4chige Waldbrand am Monte Moregallo \u00fcber Valmadrera inzwischen gel\u00f6scht werden konnte, und hoffen dass es so bleibt.<\/p>\n<p style=\"text-align: center;\">Unsere zweite B\u00fcrgermeisterin, Jutta Kempter hatte unsere Sorge und unsere Solidarit\u00e4t in einem Brief an B\u00fcrgermeister Cesare Colombo zum Ausdruck gebracht.<\/p>\n<p style=\"text-align: center;\">Er kann hier als PDF nachgelesen werden.<\/p>\n<p style=\"text-align: center;\"><span style=\"font-size: 18pt;\"><a href=\"https:\/\/www.framici.de\/wp-content\/uploads\/2026\/08\/Schreiben-der-Stadt-Weissenhorn-vom-06.08.2026.pdf\">Schreiben der Stadt Wei\u00dfenhorn vom 06.08.2026<\/a><\/span><\/p>\n<p>&nbsp;<\/p>\n<p>&nbsp;<\/p>\n<p><img loading=\"lazy\" decoding=\"async\" class=\"wp-image-9468 aligncenter\" src=\"https:\/\/www.framici.de\/wp-content\/uploads\/2026\/08\/Satelitenaufnahme-395x500.jpeg\" alt=\"\" width=\"314\" height=\"397\" srcset=\"https:\/\/www.framici.de\/wp-content\/uploads\/2026\/08\/Satelitenaufnahme-395x500.jpeg 395w, https:\/\/www.framici.de\/wp-content\/uploads\/2026\/08\/Satelitenaufnahme-808x1024.jpeg 808w, https:\/\/www.framici.de\/wp-content\/uploads\/2026\/08\/Satelitenaufnahme-768x973.jpeg 768w, https:\/\/www.framici.de\/wp-content\/uploads\/2026\/08\/Satelitenaufnahme.jpeg 945w\" sizes=\"auto, (max-width: 314px) 100vw, 314px\" \/><\/p>\n<p>&nbsp;<\/p>\n<p>&nbsp;<\/p>\n<p><img loading=\"lazy\" decoding=\"async\" class=\"wp-image-9463 aligncenter\" src=\"https:\/\/www.framici.de\/wp-content\/uploads\/2026\/08\/Feuer-500x281.jpg\" alt=\"\" width=\"481\" height=\"271\" srcset=\"https:\/\/www.framici.de\/wp-content\/uploads\/2026\/08\/Feuer-500x281.jpg 500w, https:\/\/www.framici.de\/wp-content\/uploads\/2026\/08\/Feuer-410x231.jpg 410w, https:\/\/www.framici.de\/wp-content\/uploads\/2026\/08\/Feuer.jpg 768w\" sizes=\"auto, (max-width: 481px) 100vw, 481px\" \/><\/p>\n<p>&nbsp;<\/p>\n<p>&nbsp;<\/p>\n<p style=\"text-align: center;\"><strong><span style=\"font-size: 18pt;\">Er\u00f6ffnung am 23. Oktober<\/span><\/strong><\/p>\n<p style=\"text-align: center;\">am 23. Oktober ist es soweit. Um 19. Uhr er\u00f6ffnen wir im Rathaus die Ausstellung mit Gem\u00e4lden und Skulpturen von Ersilio Dell&#8217;Oro.<\/p>\n<p style=\"text-align: center;\">Der 1939 in Valmadrera geborene K\u00fcnstler hinterlie\u00df ein umfangreiches Werk, mit dem er zu einem bedeutenden K\u00fcnstler in der Region wurde.<\/p>\n<p style=\"text-align: center;\">Wir freuen uns, diesen K\u00fcnstler erstmals auch au\u00dferhalb Italiens zu pr\u00e4sentieren und damit eine neue Seite in der Partnerschaft unserer beiden St\u00e4dte aufzuschlagen.<\/p>\n<p style=\"text-align: center;\">Erg\u00e4nzt wird die Ausstellung mit einigen bemerkenswerten Werken seiner T\u00f6chter Ofelia und Veronica, die ebenfalls k\u00fcnstlerisch t\u00e4tig sind.<\/p>\n<p style=\"text-align: center;\">Die Ausstellung ist von 24. Oktober bis 15. November zu den \u00d6ffnungszeiten des Rathauses sowie Samstag und Sonntag, jeweils von 14. bis 17. Uhr ge\u00f6ffnet.&nbsp;<\/p>\n<p style=\"text-align: center;\">Die Ausstellung wird in Zusammenarbeit mit dem Heimat- und Museumsverein Wei\u00dfenhorn sowie dem FuggerStadtMuseum Wei\u00dfenhorn veranstaltet.<\/p>\n<p style=\"text-align: center;\">&nbsp;<\/p>\n<p><strong><span style=\"font-size: 18pt;\"><img loading=\"lazy\" decoding=\"async\" class=\"alignnone wp-image-9479 aligncenter\" src=\"https:\/\/www.framici.de\/wp-content\/uploads\/2026\/08\/Plakat_Ersilio26_final-354x500.jpg\" alt=\"\" width=\"414\" height=\"585\" srcset=\"https:\/\/www.framici.de\/wp-content\/uploads\/2026\/08\/Plakat_Ersilio26_final-354x500.jpg 354w, https:\/\/www.framici.de\/wp-content\/uploads\/2026\/08\/Plakat_Ersilio26_final-724x1024.jpg 724w, https:\/\/www.framici.de\/wp-content\/uploads\/2026\/08\/Plakat_Ersilio26_final-768x1086.jpg 768w, https:\/\/www.framici.de\/wp-content\/uploads\/2026\/08\/Plakat_Ersilio26_final-1086x1536.jpg 1086w, https:\/\/www.framici.de\/wp-content\/uploads\/2026\/08\/Plakat_Ersilio26_final-1448x2048.jpg 1448w, https:\/\/www.framici.de\/wp-content\/uploads\/2026\/08\/Plakat_Ersilio26_final-scaled.jpg 1810w\" sizes=\"auto, (max-width: 414px) 100vw, 414px\" \/><\/span><\/strong><\/p>\n<p>&nbsp;<\/p>\n<p style=\"text-align: center;\"><strong><span style=\"font-size: 14pt;\">Was wir 2026 vorhaben, finden Sie jetzt unter &#8222;Die St\u00e4dte &#8211; Aktivit\u00e4ten in Wei\u00dfenhorn&#8220;&nbsp;<\/span><\/strong><\/p>\n<p>&nbsp;<\/p>\n<header class=\"entry-header\">\n<p style=\"text-align: center;\">In einer feierlichen Zeremonie wurde am 11. Mai unsere neue, <strong>erste B\u00fcrgermeisterin<\/strong> <strong>Kerstin Lutz<\/strong> vereidigt.<\/p>\n<p style=\"text-align: center;\"><img loading=\"lazy\" decoding=\"async\" class=\"alignnone wp-image-9415\" src=\"https:\/\/www.framici.de\/wp-content\/uploads\/2026\/05\/csm_Kerstin_Kutz_Bereit_fuer_Weissenhorn_breit_3ad7a62f02-500x430.jpg\" alt=\"\" width=\"247\" height=\"213\" srcset=\"https:\/\/www.framici.de\/wp-content\/uploads\/2026\/05\/csm_Kerstin_Kutz_Bereit_fuer_Weissenhorn_breit_3ad7a62f02-500x430.jpg 500w, https:\/\/www.framici.de\/wp-content\/uploads\/2026\/05\/csm_Kerstin_Kutz_Bereit_fuer_Weissenhorn_breit_3ad7a62f02-768x661.jpg 768w, https:\/\/www.framici.de\/wp-content\/uploads\/2026\/05\/csm_Kerstin_Kutz_Bereit_fuer_Weissenhorn_breit_3ad7a62f02.jpg 837w\" sizes=\"auto, (max-width: 247px) 100vw, 247px\" \/><\/p>\n<p style=\"text-align: center;\">&nbsp;<strong style=\"font-size: 1.5rem;\">Jutta Kempter<\/strong><span style=\"font-size: 1.5rem;\"> die tatkr\u00e4ftig den Stadtrat im St\u00e4dtepartnerschafts-Komitee vertritt, wurde zur <strong>zweiten B\u00fcrgermeisterin<\/strong> gew\u00e4hlt..<\/span><\/p>\n<p style=\"text-align: center;\"><span style=\"font-size: 1.5rem;\"><strong>Dritter B\u00fcrgermeister<\/strong> ist jetzt <strong>Christian Simmnacher<\/strong>.&nbsp;&nbsp;<\/span><\/p>\n<p style=\"text-align: center;\"><img loading=\"lazy\" decoding=\"async\" class=\"alignnone wp-image-9416\" src=\"https:\/\/www.framici.de\/wp-content\/uploads\/2026\/05\/Kempter_Kandidatenbild-458x500.jpg\" alt=\"\" width=\"202\" height=\"220\" srcset=\"https:\/\/www.framici.de\/wp-content\/uploads\/2026\/05\/Kempter_Kandidatenbild-458x500.jpg 458w, https:\/\/www.framici.de\/wp-content\/uploads\/2026\/05\/Kempter_Kandidatenbild.jpg 683w\" sizes=\"auto, (max-width: 202px) 100vw, 202px\" \/>&nbsp; &nbsp; <img loading=\"lazy\" decoding=\"async\" class=\"alignnone wp-image-9422\" src=\"https:\/\/www.framici.de\/wp-content\/uploads\/2026\/05\/Simmnacher.jpg\" alt=\"\" width=\"161\" height=\"218\"><\/p>\n<p style=\"text-align: center;\"><strong style=\"font-size: 1.5rem;\">Neu f\u00fcr uns im Stadtra<\/strong><span style=\"font-size: 1.5rem;\">t <\/span><span style=\"font-size: 1.5rem;\">ist die Schriftf\u00fchrerin unsres Vereins, <\/span><strong style=\"font-size: 1.5rem;\">Gabriele Kunze<\/strong><span style=\"font-size: 1.5rem;\">.<\/span><\/p>\n<\/header>\n<header class=\"entry-header\">\n<p style=\"text-align: center;\"><img loading=\"lazy\" decoding=\"async\" class=\"alignnone wp-image-9417\" src=\"https:\/\/www.framici.de\/wp-content\/uploads\/2026\/05\/Kunze_Gabriele_Kandidatenbild-2-449x500.jpg\" alt=\"\" width=\"226\" height=\"252\" srcset=\"https:\/\/www.framici.de\/wp-content\/uploads\/2026\/05\/Kunze_Gabriele_Kandidatenbild-2-449x500.jpg 449w, https:\/\/www.framici.de\/wp-content\/uploads\/2026\/05\/Kunze_Gabriele_Kandidatenbild-2-919x1024.jpg 919w, https:\/\/www.framici.de\/wp-content\/uploads\/2026\/05\/Kunze_Gabriele_Kandidatenbild-2-768x856.jpg 768w, https:\/\/www.framici.de\/wp-content\/uploads\/2026\/05\/Kunze_Gabriele_Kandidatenbild-2-1379x1536.jpg 1379w, https:\/\/www.framici.de\/wp-content\/uploads\/2026\/05\/Kunze_Gabriele_Kandidatenbild-2-1838x2048.jpg 1838w\" sizes=\"auto, (max-width: 226px) 100vw, 226px\" \/><\/p>\n<p style=\"text-align: center;\">&nbsp; &nbsp; &nbsp; &nbsp; &nbsp; &nbsp; &nbsp;<\/p>\n<\/header>\n<p style=\"text-align: center;\">Weiterer Informationen k\u00f6nnen Sie im Bericht der Neu-Ulmer Zeitung nachlesen: <a href=\"https:\/\/www.framici.de\/wp-content\/uploads\/2026\/05\/NUZ_13_05_2026.pdf\">NUZ_13_05_2026<\/a><\/p>\n<header class=\"entry-header\">&nbsp;<\/p>\n<h1>&nbsp;<\/h1>\n<h1 class=\"entry-title\" style=\"text-align: center;\"><strong><span style=\"font-size: 14pt;\">Bei unserer Tavola Rotonda am 6. Mai haben wir unsere Partnerstadt <\/span><\/strong><\/h1>\n<h1 class=\"entry-title\" style=\"text-align: center;\"><strong><span style=\"font-size: 14pt;\">und unseren Verein mit einer kleinen Pr\u00e4sentation vorgestellt.<\/span><\/strong><\/h1>\n<header class=\"entry-header\">\n<h1 class=\"entry-title\" style=\"text-align: center;\"><strong><span style=\"font-size: 14pt;\">Hier der link, mit dem sie nochmal angeschaut werden kann.<\/span><\/strong><\/h1>\n<p>&nbsp;<\/p>\n<\/header>\n<h1 class=\"entry-title\" style=\"text-align: center;\"><a href=\"https:\/\/www.framici.de\/wp-content\/uploads\/2026\/05\/Tavola-Rotonda-Wir-stellen-uns-vor.pdf\">Tavola Rotonda &#8211; Wir stellen uns vor<\/a><\/h1>\n<p>&nbsp;<\/p>\n<\/header>\n<p style=\"text-align: center;\"><img loading=\"lazy\" decoding=\"async\" class=\"alignnone size-medium wp-image-9396\" src=\"https:\/\/www.framici.de\/wp-content\/uploads\/2026\/04\/Oval-500x280.jpg\" alt=\"\" width=\"500\" height=\"280\" srcset=\"https:\/\/www.framici.de\/wp-content\/uploads\/2026\/04\/Oval-500x280.jpg 500w, https:\/\/www.framici.de\/wp-content\/uploads\/2026\/04\/Oval-410x231.jpg 410w, https:\/\/www.framici.de\/wp-content\/uploads\/2026\/04\/Oval.jpg 667w\" sizes=\"auto, (max-width: 500px) 100vw, 500px\" \/><\/p>\n<header class=\"entry-header\">\n<h1>&nbsp;<\/h1>\n<h1 class=\"entry-title\" style=\"text-align: center;\"><strong><span style=\"font-size: 14pt;\">7- April 2026 &#8211; Heute in &#8222;LeccoToday&#8220; \u2013 der Tageszeitung von Valmadrera<\/span><\/strong><\/h1>\n<p class=\"entry-meta\" style=\"text-align: center;\">&nbsp;<\/p>\n<\/header>\n<div class=\"entry-content\">\n<p style=\"text-align: center;\">Bericht \u00fcber die Kommunalwahlen Anfang M\u00e4rz in den Partnerst\u00e4dten<\/p>\n<p style=\"text-align: center;\">Ch\u00e2teauneuf les Martigues und Wei\u00dfenhorn<\/p>\n<p><img loading=\"lazy\" decoding=\"async\" class=\"alignnone wp-image-9364 aligncenter\" src=\"https:\/\/www.framici.de\/wp-content\/uploads\/2026\/04\/Lecco-Today_07042026-500x154.jpg\" sizes=\"auto, (max-width: 880px) 100vw, 880px\" srcset=\"https:\/\/www.framici.de\/wp-content\/uploads\/2026\/04\/Lecco-Today_07042026-500x154.jpg 500w, https:\/\/www.framici.de\/wp-content\/uploads\/2026\/04\/Lecco-Today_07042026-1024x315.jpg 1024w, https:\/\/www.framici.de\/wp-content\/uploads\/2026\/04\/Lecco-Today_07042026-768x236.jpg 768w, https:\/\/www.framici.de\/wp-content\/uploads\/2026\/04\/Lecco-Today_07042026-1536x472.jpg 1536w, https:\/\/www.framici.de\/wp-content\/uploads\/2026\/04\/Lecco-Today_07042026.jpg 1640w\" alt=\"\" width=\"1137\" height=\"350\"><\/p>\n<p style=\"text-align: center;\"><a style=\"font-size: 1.5rem;\" tabindex=\"-1\" href=\"https:\/\/www.leccotoday.it\/attualita\/valmadrera-nuovi-sindaci-gemellaggi-.html\" target=\"_blank\" rel=\"noopener\">leccotoday.it\/\u2026\/valmadrera-nuovi-sindaci-gemellaggi-<\/a><\/p>\n<\/div>\n<p>&nbsp;<\/p>\n<p style=\"text-align: center;\"><strong><span style=\"font-size: 14pt;\">Wir haben neu gew\u00e4hlt!<\/span><\/strong><\/p>\n<p style=\"text-align: center;\">In seiner Mitgliederversammlung am 25. Februar 2026 hat der Verein Vorstand und Beirat neu gew\u00e4hlt<\/p>\n<p style=\"text-align: center;\"><img loading=\"lazy\" decoding=\"async\" class=\"alignnone wp-image-9355\" src=\"https:\/\/www.framici.de\/wp-content\/uploads\/2026\/02\/Neuer-Vorstand-500x467.jpeg\" alt=\"\" width=\"368\" height=\"344\" srcset=\"https:\/\/www.framici.de\/wp-content\/uploads\/2026\/02\/Neuer-Vorstand-500x467.jpeg 500w, https:\/\/www.framici.de\/wp-content\/uploads\/2026\/02\/Neuer-Vorstand-1024x957.jpeg 1024w, https:\/\/www.framici.de\/wp-content\/uploads\/2026\/02\/Neuer-Vorstand-768x717.jpeg 768w, https:\/\/www.framici.de\/wp-content\/uploads\/2026\/02\/Neuer-Vorstand.jpeg 1489w\" sizes=\"auto, (max-width: 368px) 100vw, 368px\" \/><\/p>\n<p>&nbsp;<\/p>\n<p style=\"text-align: center;\">Von links nach rechts: Tanja Reckert-Weltle (Beir\u00e4tin), Nicola Spie\u00df (Kassenwartin), Dr. Matthias Kunze (2. Vorstand),<\/p>\n<p style=\"text-align: center;\">Gabriele Kunze (Schriftf\u00fchrerin), Ursula Schramm (1. Vorstand), Ute Roth (Beir\u00e4tin)<\/p>\n<p>&nbsp;<\/p>\n<p>G<\/p>\n<p style=\"text-align: center;\"><strong><span style=\"font-size: 14pt;\">Neues aus unserer Partnerstadt<\/span><\/strong><\/p>\n<p style=\"text-align: center;\"><strong>Ein neuer Flyer f\u00fcr Valmadrera<\/strong><\/p>\n<p style=\"text-align: center;\"><strong><img loading=\"lazy\" decoding=\"async\" class=\"size-medium wp-image-9352 aligncenter\" src=\"https:\/\/www.framici.de\/wp-content\/uploads\/2026\/01\/Giornale_31012026-394x500.jpeg\" alt=\"\" width=\"394\" height=\"500\" srcset=\"https:\/\/www.framici.de\/wp-content\/uploads\/2026\/01\/Giornale_31012026-394x500.jpeg 394w, https:\/\/www.framici.de\/wp-content\/uploads\/2026\/01\/Giornale_31012026-807x1024.jpeg 807w, https:\/\/www.framici.de\/wp-content\/uploads\/2026\/01\/Giornale_31012026-768x974.jpeg 768w, https:\/\/www.framici.de\/wp-content\/uploads\/2026\/01\/Giornale_31012026-1211x1536.jpeg 1211w, https:\/\/www.framici.de\/wp-content\/uploads\/2026\/01\/Giornale_31012026.jpeg 1253w\" sizes=\"auto, (max-width: 394px) 100vw, 394px\" \/>&nbsp; &nbsp;B\u00fcrgermeister Colombo und Stadtr\u00e4tin Brioni stellen den neuen Flyer vor. <\/strong><\/p>\n<p>&nbsp;<\/p>\n<p style=\"text-align: center;\">Jetzt kann man die Stadt kurz und elegant kennenlernen.<\/p>\n<p style=\"text-align: center;\">Hier die Version in Italienisch und Englisch zum Download. Eine deutsche Version soll folgen. Viel Vergn\u00fcgen!<\/p>\n<p style=\"text-align: center;\"><a href=\"https:\/\/www.framici.de\/wp-content\/uploads\/2026\/01\/Valmadrera_Flyer_it.-engl.pdf\">Valmadrera_Flyer_it.-engl.<\/a><\/p>\n<h3>&nbsp;<\/h3>\n<p>&nbsp;<\/p>\n<p>&nbsp;<\/p>\n<h3>Impressionen rund um Valmadrera und dem Hausberg Monte Moregallo.<\/h3>\n<div>&nbsp;<\/div>\n<div><\/div>\n<p>&nbsp;<\/p>\n<hr>\n<p>&nbsp;<\/p>\n<hr>\n<p><img loading=\"lazy\" decoding=\"async\" class=\"wp-image-2767 aligncenter\" src=\"https:\/\/www.framici.de\/wp-content\/uploads\/2023\/02\/logoFRAMICI5x6Colore.jpg\" alt=\"\" width=\"290\" height=\"240\"><\/p>\n<h4 style=\"text-align: center;\"><strong>Framici:<\/strong> <strong>Fr<\/strong>-(f\u00fcr Freunde),<\/h4>\n<h4 style=\"text-align: center;\">&#8211;<strong>amici:&nbsp;<\/strong>(ital.: Freunde),<\/h4>\n<h4 style=\"text-align: center;\"><strong>Fra-amici&nbsp;<\/strong>(zwischen Freunden)<\/h4>\n<p>&nbsp;<\/p>\n<p><img loading=\"lazy\" decoding=\"async\" class=\"aligncenter wp-image-2402\" src=\"https:\/\/www.framici.de\/wp-content\/uploads\/2022\/11\/13177523_1753387908239498_5604000313785105003_n.jpg\" alt=\"\" width=\"240\" height=\"240\" srcset=\"https:\/\/www.framici.de\/wp-content\/uploads\/2022\/11\/13177523_1753387908239498_5604000313785105003_n.jpg 567w, https:\/\/www.framici.de\/wp-content\/uploads\/2022\/11\/13177523_1753387908239498_5604000313785105003_n-500x500.jpg 500w, https:\/\/www.framici.de\/wp-content\/uploads\/2022\/11\/13177523_1753387908239498_5604000313785105003_n-250x250.jpg 250w\" sizes=\"auto, (max-width: 240px) 100vw, 240px\" \/><\/p>\n<hr>\n<p>&nbsp;<\/p>\n<p>Sind Sie am Verein und dessen Aktivit\u00e4ten interessiert? Gerne sind Sie als Mitglied herzlich willkommen.<\/p>\n<p><a href=\"https:\/\/www.framici.de\/wp-content\/uploads\/2023\/08\/Freunde-Valmadreras_Aufnahmeantrag_Beitragsordnung.pdf\"><span style=\"text-decoration: underline;\"><strong>Hier<\/strong><\/span><\/a> gelangen Sie zum Mitgliedsantrag.<\/p>\n<p>&nbsp;<\/p>\n<p>&nbsp;<\/p>\n","protected":false},"excerpt":{"rendered":"<p>&nbsp; &nbsp; &nbsp; &nbsp; &nbsp; Herzlich willkommen auf unserer Webseite der &#8222;Freunde Valmadreras e.V.&#8220; &nbsp; Das Feuer ist gel\u00f6scht Wir freuen uns, dass der gro\u00dffl\u00e4chige Waldbrand am Monte Moregallo \u00fcber Valmadrera inzwischen gel\u00f6scht werden konnte, und hoffen dass es so bleibt. Unsere zweite B\u00fcrgermeisterin, Jutta Kempter hatte unsere Sorge und unsere Solidarit\u00e4t in einem Brief an B\u00fcrgermeister Cesare Colombo zum Ausdruck gebracht. Er kann hier als PDF nachgelesen werden. Schreiben <a class=\"more-link\" href=\"https:\/\/www.framici.de\/\">Weiterlesen\u00a0\u2026<\/a><\/p>\n","protected":false},"author":1,"featured_media":0,"parent":0,"menu_order":0,"comment_status":"closed","ping_status":"closed","template":"","meta":{"ngg_post_thumbnail":0,"footnotes":""},"class_list":["post-8455","page","type-page","status-publish","hentry"],"_links":{"self":[{"href":"https:\/\/www.framici.de\/index.php?rest_route=\/wp\/v2\/pages\/8455","targetHints":{"allow":["GET"]}}],"collection":[{"href":"https:\/\/www.framici.de\/index.php?rest_route=\/wp\/v2\/pages"}],"about":[{"href":"https:\/\/www.framici.de\/index.php?rest_route=\/wp\/v2\/types\/page"}],"author":[{"embeddable":true,"href":"https:\/\/www.framici.de\/index.php?rest_route=\/wp\/v2\/users\/1"}],"replies":[{"embeddable":true,"href":"https:\/\/www.framici.de\/index.php?rest_route=%2Fwp%2Fv2%2Fcomments&post=8455"}],"version-history":[{"count":107,"href":"https:\/\/www.framici.de\/index.php?rest_route=\/wp\/v2\/pages\/8455\/revisions"}],"predecessor-version":[{"id":9481,"href":"https:\/\/www.framici.de\/index.php?rest_route=\/wp\/v2\/pages\/8455\/revisions\/9481"}],"wp:attachment":[{"href":"https:\/\/www.framici.de\/index.php?rest_route=%2Fwp%2Fv2%2Fmedia&parent=8455"}],"curies":[{"name":"wp","href":"https:\/\/api.w.org\/{rel}","templated":true}]}}